{"id":13,"date":"2018-01-17T23:37:18","date_gmt":"2018-01-17T23:37:18","guid":{"rendered":"http:\/\/www.affccs.org\/aussois2024\/?page_id=13"},"modified":"2024-07-18T14:55:38","modified_gmt":"2024-07-18T14:55:38","slug":"call-for-abstract","status":"publish","type":"page","link":"https:\/\/www.affccs.org\/aussois2024\/index.php\/call-for-abstract\/","title":{"rendered":"H\u00e9bergement"},"content":{"rendered":"<p>Les droits d\u2019inscription comprennent l\u2019h\u00e9bergement en pension compl\u00e8te (draps et serviettes de toilette fournis) du mardi 15 octobre au soir (repas compris) au vendredi 18 octobre \u00e0 14 h 30 (repas du midi compris) au Centre Paul-Langevin d\u2019Aussois (dans la limite des places disponibles), ainsi que l\u2019utilisation des navettes, les frais de colloque, l\u2019envoi des pr\u00e9sentations.<\/p>\n<p><img loading=\"lazy\" decoding=\"async\" class=\"alignnone wp-image-717 size-full\" src=\"http:\/\/www.affccs.org\/aussois2024\/wp-content\/uploads\/2024\/02\/CentreAussois2024-copie.jpg\" alt=\"\" width=\"771\" height=\"369\" srcset=\"https:\/\/www.affccs.org\/aussois2024\/wp-content\/uploads\/2024\/02\/CentreAussois2024-copie.jpg 771w, https:\/\/www.affccs.org\/aussois2024\/wp-content\/uploads\/2024\/02\/CentreAussois2024-copie-300x144.jpg 300w, https:\/\/www.affccs.org\/aussois2024\/wp-content\/uploads\/2024\/02\/CentreAussois2024-copie-768x368.jpg 768w\" sizes=\"auto, (max-width: 771px) 100vw, 771px\" \/><\/p>\n<p style=\"text-align: center;\"><span style=\"color: #ff6600;\"><strong><a style=\"color: #ff6600;\" href=\"https:\/\/goo.gl\/maps\/3W5Pw3UobunnEPku8\" target=\"_blank\" rel=\"noopener\">Plan Google Map ici<\/a><\/strong><\/span><\/p>\n<p>Ceux qui le pr\u00e9ciseront dans leur bulletin d\u2019inscription (envoy\u00e9 dans les d\u00e9lais) pourront prendre un repas (buffet froid) jusqu\u2019\u00e0 22 h le 15 octobre au soir.<br \/>L\u2019h\u00e9bergement au Centre n\u2019est garanti qu\u2019aux personnes qui auront envoy\u00e9 leur bulletin d\u2019inscription et r\u00e9gl\u00e9 leurs droits (ou adress\u00e9 un bon de commande) avant le 12 septembre et dans la limite des places disponibles.<\/p>\n<p>Les participants qui souhaitent un h\u00e9bergement en h\u00f4tel devront contacter directement l\u2019\u00e9tablissement de leur choix ou s\u2019adresser \u00e0 la Centrale de R\u00e9servations H\u00f4teli\u00e8re de la Maison d\u2019Aussois. Dans ce cas, les repas sont pris au Centre Paul-Langevin et sont inclus dans l\u2019inscription.<\/p>\n<p><img loading=\"lazy\" decoding=\"async\" class=\"aligncenter wp-image-674 size-medium\" src=\"http:\/\/www.affccs.org\/aussois2024\/wp-content\/uploads\/2024\/02\/aussois.png-scaled-e1707211339961-300x99.jpeg\" alt=\"\" width=\"300\" height=\"99\" srcset=\"https:\/\/www.affccs.org\/aussois2024\/wp-content\/uploads\/2024\/02\/aussois.png-scaled-e1707211339961-300x99.jpeg 300w, https:\/\/www.affccs.org\/aussois2024\/wp-content\/uploads\/2024\/02\/aussois.png-scaled-e1707211339961-1024x340.jpeg 1024w, https:\/\/www.affccs.org\/aussois2024\/wp-content\/uploads\/2024\/02\/aussois.png-scaled-e1707211339961-768x255.jpeg 768w, https:\/\/www.affccs.org\/aussois2024\/wp-content\/uploads\/2024\/02\/aussois.png-scaled-e1707211339961-1536x509.jpeg 1536w, https:\/\/www.affccs.org\/aussois2024\/wp-content\/uploads\/2024\/02\/aussois.png-scaled-e1707211339961-2048x679.jpeg 2048w\" sizes=\"auto, (max-width: 300px) 100vw, 300px\" \/><\/p>\n\n\n<p class=\"has-text-align-center\">Maison d\u2019Aussois (Office de Tourisme)<br><a href=\"http:\/\/www.aussois.com\" target=\"_blank\" rel=\"noreferrer noopener\">http:\/\/www.aussois.com<\/a><br>T\u00e9l. 04 79 20 30 80<br>info@aussois.com<\/p>\n\n\n\n<p>Attention, certains h\u00f4tels ne seront pas ouverts durant cette p\u00e9riode. Nous vous conseillons de contacter rapidement les \u00e9tablissements d\u2019Aussois et de Modane.<\/p>\n\n\n\n<p><\/p>\n\n\n\n<p><\/p>\n","protected":false},"excerpt":{"rendered":"<p>Les droits d\u2019inscription comprennent l\u2019h\u00e9bergement en pension compl\u00e8te (draps et serviettes de toilette fournis) du mardi 15 octobre au soir (repas compris) au vendredi 18 octobre \u00e0 14 h 30 (repas du midi compris) au Centre Paul-Langevin d\u2019Aussois (dans la &hellip; <a href=\"https:\/\/www.affccs.org\/aussois2024\/index.php\/call-for-abstract\/\">Continuer la lecture <span class=\"meta-nav\">&rarr;<\/span><\/a><\/p>\n","protected":false},"author":1,"featured_media":0,"parent":0,"menu_order":0,"comment_status":"closed","ping_status":"closed","template":"","meta":{"footnotes":""},"class_list":["post-13","page","type-page","status-publish","hentry"],"_links":{"self":[{"href":"https:\/\/www.affccs.org\/aussois2024\/index.php\/wp-json\/wp\/v2\/pages\/13","targetHints":{"allow":["GET"]}}],"collection":[{"href":"https:\/\/www.affccs.org\/aussois2024\/index.php\/wp-json\/wp\/v2\/pages"}],"about":[{"href":"https:\/\/www.affccs.org\/aussois2024\/index.php\/wp-json\/wp\/v2\/types\/page"}],"author":[{"embeddable":true,"href":"https:\/\/www.affccs.org\/aussois2024\/index.php\/wp-json\/wp\/v2\/users\/1"}],"replies":[{"embeddable":true,"href":"https:\/\/www.affccs.org\/aussois2024\/index.php\/wp-json\/wp\/v2\/comments?post=13"}],"version-history":[{"count":29,"href":"https:\/\/www.affccs.org\/aussois2024\/index.php\/wp-json\/wp\/v2\/pages\/13\/revisions"}],"predecessor-version":[{"id":767,"href":"https:\/\/www.affccs.org\/aussois2024\/index.php\/wp-json\/wp\/v2\/pages\/13\/revisions\/767"}],"wp:attachment":[{"href":"https:\/\/www.affccs.org\/aussois2024\/index.php\/wp-json\/wp\/v2\/media?parent=13"}],"curies":[{"name":"wp","href":"https:\/\/api.w.org\/{rel}","templated":true}]}}